{"id":30,"date":"2025-05-19T14:23:20","date_gmt":"2025-05-19T12:23:20","guid":{"rendered":"https:\/\/www.strebeltraktoren.ch\/?page_id=30"},"modified":"2025-05-23T10:58:10","modified_gmt":"2025-05-23T08:58:10","slug":"ferienwohnung","status":"publish","type":"page","link":"https:\/\/www.strebeltraktoren.ch\/index.php\/ferienwohnung\/","title":{"rendered":"Ferienwohnung"},"content":{"rendered":"<h1>Ferienwohnung<\/h1>\n<p><img decoding=\"async\" src=\"\/wp-content\/uploads\/2025\/05\/panorama-flumserberg.jpg\" alt=\"\"><br \/>\n<img decoding=\"async\" src=\"\/wp-content\/uploads\/2025\/05\/csm_flumserberg-logo_faa97bcf3d.jpg\" alt=\"\"><\/p>\n<h2>Ferienwohnung Flumserberg (Bergheim) <\/h2>\n<div>Lassen Sie den Alltag hinter sich und sp\u00fcren Sie Lebensfreude pur.<\/div>\n<div>\n<p><strong>Wintersonne<\/strong><\/p>\n<\/div>\n<div>Schneesicheres Wintersportvergn\u00fcgen in allen Facetten, hoch \u00fcber der Nebeldecke.<\/div>\n<div>\n<p><strong>Sommerfrische<\/strong><\/p>\n<\/div>\n<div>Erlebnisberg und Naturoase. K\u00fchle Bergluft und tiefblaue Wasser erfrischen K\u00f6rper und Geist.<\/div>\n<div>\n<p><strong>Ferienwohnung<\/strong><\/p>\n<\/div>\n<div>\n<p>Mietpreis pro Woche:<br \/>Winter <strong>590.\u2013<\/strong><br \/>Sommer <strong>490.\u2013<\/strong><\/p>\n<\/div>\n<div>\n<p>Gem\u00fctliches Wohnzimmer mit Kabel-TV und Schwedenofen<br \/>Ess- \/ Spielecke<br \/>3 Schlafzimmer<\/p>\n<\/div>\n<div>\n<p><em>+ Kurtaxe\/Endreinigung 80.\u2013 \/ Ohne Bettw\u00e4sche \/ Preis\u00e4nderungen vorbehalten<\/em><\/p>\n<\/div>\n<ul>\n<li>\n<p>        <img decoding=\"async\" src=\"\/wp-content\/uploads\/2025\/05\/flumserberg-009-1346322456.jpg\" alt=\"\"><\/p>\n<h2>flumserberg-009-1346322456<\/h2>\n<\/li>\n<li>\n<p>        <img decoding=\"async\" src=\"\/wp-content\/uploads\/2025\/05\/IMG-20180212-WA0001.jpg\" alt=\"\"><\/p>\n<h2>IMG-20180212-WA0001<\/h2>\n<\/li>\n<li>\n<p>        <img decoding=\"async\" src=\"\/wp-content\/uploads\/2025\/05\/csm_IMAG3622_9ca663a612.jpg\" alt=\"\"><\/p>\n<h2>csm_IMAG3622_9ca663a612<\/h2>\n<\/li>\n<li>\n<p>        <img decoding=\"async\" src=\"\/wp-content\/uploads\/2025\/05\/csm_IMAG3663_b7e187bacc.jpg\" alt=\"\"><\/p>\n<h2>csm_IMAG3663_b7e187bacc<\/h2>\n<\/li>\n<li>\n<p>        <img decoding=\"async\" src=\"\/wp-content\/uploads\/2025\/05\/flumserberg-014-1346322499.jpg\" alt=\"\"><\/p>\n<h2>flumserberg-014-1346322499<\/h2>\n<\/li>\n<li>\n<p>        <img decoding=\"async\" src=\"\/wp-content\/uploads\/2025\/05\/flumserberg-013-1346322495.jpg\" alt=\"\"><\/p>\n<h2>flumserberg-013-1346322495<\/h2>\n<\/li>\n<\/ul>\n<p><!--more--><br \/>\n<!-- {\"type\":\"layout\",\"children\":[{\"type\":\"section\",\"props\":{\"image_position\":\"center-center\",\"padding\":\"small\",\"padding_remove_bottom\":false,\"padding_remove_top\":false,\"style\":\"primary\",\"title_breakpoint\":\"xl\",\"title_position\":\"top-left\",\"title_rotation\":\"left\",\"vertical_align\":\"middle\",\"width\":\"default\"},\"children\":[{\"type\":\"row\",\"children\":[{\"type\":\"column\",\"props\":{\"image_position\":\"center-center\",\"position_sticky_breakpoint\":\"m\"},\"children\":[{\"type\":\"headline\",\"props\":{\"content\":\"Ferienwohnung\",\"title_color\":\"primary\",\"title_element\":\"h1\",\"title_style\":\"h1\"}}]}]}],\"name\":\"Header\"},{\"type\":\"section\",\"props\":{\"image_position\":\"center-center\",\"style\":\"default\",\"title_breakpoint\":\"xl\",\"title_position\":\"top-left\",\"title_rotation\":\"left\",\"vertical_align\":\"middle\",\"width\":\"default\"},\"children\":[{\"type\":\"row\",\"props\":{\"layout\":\"1-2,1-2\"},\"children\":[{\"type\":\"column\",\"props\":{\"image_position\":\"center-center\",\"position_sticky_breakpoint\":\"m\",\"width_medium\":\"1-2\"},\"children\":[{\"type\":\"image\",\"props\":{\"image\":\"wp-content\\\/uploads\\\/2025\\\/05\\\/panorama-flumserberg.jpg\",\"image_svg_color\":\"emphasis\",\"margin\":\"default\"}},{\"type\":\"image\",\"props\":{\"image\":\"wp-content\\\/uploads\\\/2025\\\/05\\\/csm_flumserberg-logo_faa97bcf3d.jpg\",\"image_svg_color\":\"emphasis\",\"margin\":\"default\"}},{\"type\":\"headline\",\"props\":{\"content\":\"Ferienwohnung Flumserberg (Bergheim) \",\"title_color\":\"primary\",\"title_element\":\"h2\",\"title_style\":\"h2\"},\"name\":\"H2 normal\"},{\"type\":\"text\",\"props\":{\"column_breakpoint\":\"m\",\"content\":\"Lassen Sie den Alltag hinter sich und sp\\u00fcren Sie Lebensfreude pur.\",\"margin\":\"default\"}},{\"type\":\"text\",\"props\":{\"column_breakpoint\":\"m\",\"content\":\"\n\n<p><strong>Wintersonne<\\\/strong><\\\/p>\",\"margin\":\"default\",\"margin_remove_bottom\":true,\"text_style\":\"large\"},\"name\":\"Text Bold\"},{\"type\":\"text\",\"props\":{\"column_breakpoint\":\"m\",\"content\":\"Schneesicheres Wintersportvergn\\u00fcgen in allen Facetten, hoch \\u00fcber der Nebeldecke.\",\"margin\":\"default\",\"margin_remove_top\":true}},{\"type\":\"text\",\"props\":{\"column_breakpoint\":\"m\",\"content\":\"\n\n<p><strong>Sommerfrische<\\\/strong><\\\/p>\",\"margin\":\"default\",\"margin_remove_bottom\":true,\"text_style\":\"large\"},\"name\":\"Text Bold\"},{\"type\":\"text\",\"props\":{\"column_breakpoint\":\"m\",\"content\":\"Erlebnisberg und Naturoase. K\\u00fchle Bergluft und tiefblaue Wasser erfrischen K\\u00f6rper und Geist.\",\"margin\":\"default\",\"margin_remove_top\":true}},{\"type\":\"text\",\"props\":{\"column_breakpoint\":\"m\",\"content\":\"\n\n<p><strong>Ferienwohnung<\\\/strong><\\\/p>\",\"margin\":\"default\",\"margin_remove_bottom\":true,\"text_style\":\"large\"},\"name\":\"Text Bold\"},{\"type\":\"text\",\"props\":{\"column_breakpoint\":\"m\",\"content\":\"\n\n<p>Mietpreis pro Woche:<br \\\/>Winter <strong>590.\\u2013<\\\/strong><br \\\/>Sommer <strong>490.\\u2013<\\\/strong><\\\/p>\",\"margin\":\"default\",\"margin_remove_top\":true}},{\"type\":\"text\",\"props\":{\"column_breakpoint\":\"m\",\"content\":\"\n\n<p>Gem\\u00fctliches Wohnzimmer mit Kabel-TV und Schwedenofen<br \\\/>Ess- \\\/ Spielecke<br \\\/>3 Schlafzimmer<\\\/p>\",\"margin\":\"default\"}},{\"type\":\"text\",\"props\":{\"column_breakpoint\":\"m\",\"content\":\"\n\n<p><em>+ Kurtaxe\\\/Endreinigung 80.\\u2013 \\\/ Ohne Bettw\\u00e4sche \\\/ Preis\\u00e4nderungen vorbehalten<\\\/em><\\\/p>\",\"margin\":\"default\"}}]},{\"type\":\"column\",\"props\":{\"image_position\":\"center-center\",\"position_sticky_breakpoint\":\"m\",\"width_medium\":\"1-2\"},\"children\":[{\"name\":\"Gallery Masonry\",\"type\":\"gallery\",\"children\":[{\"type\":\"gallery_item\",\"props\":{\"image\":\"wp-content\\\/uploads\\\/2025\\\/05\\\/flumserberg-009-1346322456.jpg\",\"title\":\"flumserberg-009-1346322456\"}},{\"type\":\"gallery_item\",\"props\":{\"image\":\"wp-content\\\/uploads\\\/2025\\\/05\\\/IMG-20180212-WA0001.jpg\",\"title\":\"IMG-20180212-WA0001\"}},{\"type\":\"gallery_item\",\"props\":{\"image\":\"wp-content\\\/uploads\\\/2025\\\/05\\\/csm_IMAG3622_9ca663a612.jpg\",\"title\":\"csm_IMAG3622_9ca663a612\"}},{\"type\":\"gallery_item\",\"props\":{\"image\":\"wp-content\\\/uploads\\\/2025\\\/05\\\/csm_IMAG3663_b7e187bacc.jpg\",\"title\":\"csm_IMAG3663_b7e187bacc\"}},{\"type\":\"gallery_item\",\"props\":{\"image\":\"wp-content\\\/uploads\\\/2025\\\/05\\\/flumserberg-014-1346322499.jpg\",\"title\":\"flumserberg-014-1346322499\"}},{\"type\":\"gallery_item\",\"props\":{\"image\":\"wp-content\\\/uploads\\\/2025\\\/05\\\/flumserberg-013-1346322495.jpg\",\"title\":\"flumserberg-013-1346322495\"}}],\"props\":{\"filter\":false,\"filter_align\":\"center\",\"filter_all\":true,\"filter_grid_breakpoint\":\"m\",\"filter_grid_width\":\"auto\",\"filter_margin\":\"large\",\"filter_position\":\"top\",\"filter_style\":\"subnav\",\"grid_default\":\"1\",\"grid_masonry\":\"next\",\"grid_medium\":\"2\",\"grid_small\":\"2\",\"image_width\":\"610\",\"item_animation\":true,\"lightbox_bg_close\":true,\"link_style\":\"default\",\"link_text\":\"\",\"margin\":\"default\",\"meta_align\":\"above-title\",\"meta_element\":\"div\",\"meta_style\":\"text-meta\",\"overlay_hover\":true,\"overlay_link\":true,\"overlay_mode\":\"caption\",\"overlay_position\":\"bottom\",\"overlay_style\":\"overlay-default\",\"overlay_transition\":\"slide-bottom-small\",\"parallax_easing\":\"1\",\"show_content\":false,\"show_hover_image\":false,\"show_hover_video\":false,\"show_link\":false,\"show_meta\":false,\"show_title\":false,\"text_align\":\"\",\"text_color\":\"\",\"title_element\":\"h2\",\"title_hover_style\":\"reset\",\"title_margin\":\"small\",\"title_style\":\"h4\"}}]}]}]}],\"version\":\"4.5.16\"} --><\/p>\n","protected":false},"excerpt":{"rendered":"<p>Ferienwohnung Ferienwohnung Flumserberg (Bergheim) Lassen Sie den Alltag hinter sich und sp\u00fcren Sie Lebensfreude pur. Wintersonne Schneesicheres Wintersportvergn\u00fcgen in allen Facetten, hoch \u00fcber der Nebeldecke. Sommerfrische Erlebnisberg und Naturoase. K\u00fchle Bergluft und tiefblaue Wasser erfrischen K\u00f6rper und Geist. Ferienwohnung Mietpreis pro Woche:Winter 590.\u2013Sommer 490.\u2013 Gem\u00fctliches Wohnzimmer mit Kabel-TV und SchwedenofenEss- \/ Spielecke3 Schlafzimmer + Kurtaxe\/Endreinigung [&hellip;]<\/p>\n","protected":false},"author":2,"featured_media":0,"parent":0,"menu_order":0,"comment_status":"closed","ping_status":"closed","template":"","meta":{"footnotes":""},"class_list":["post-30","page","type-page","status-publish","hentry"],"_links":{"self":[{"href":"https:\/\/www.strebeltraktoren.ch\/index.php\/wp-json\/wp\/v2\/pages\/30","targetHints":{"allow":["GET"]}}],"collection":[{"href":"https:\/\/www.strebeltraktoren.ch\/index.php\/wp-json\/wp\/v2\/pages"}],"about":[{"href":"https:\/\/www.strebeltraktoren.ch\/index.php\/wp-json\/wp\/v2\/types\/page"}],"author":[{"embeddable":true,"href":"https:\/\/www.strebeltraktoren.ch\/index.php\/wp-json\/wp\/v2\/users\/2"}],"replies":[{"embeddable":true,"href":"https:\/\/www.strebeltraktoren.ch\/index.php\/wp-json\/wp\/v2\/comments?post=30"}],"version-history":[{"count":6,"href":"https:\/\/www.strebeltraktoren.ch\/index.php\/wp-json\/wp\/v2\/pages\/30\/revisions"}],"predecessor-version":[{"id":307,"href":"https:\/\/www.strebeltraktoren.ch\/index.php\/wp-json\/wp\/v2\/pages\/30\/revisions\/307"}],"wp:attachment":[{"href":"https:\/\/www.strebeltraktoren.ch\/index.php\/wp-json\/wp\/v2\/media?parent=30"}],"curies":[{"name":"wp","href":"https:\/\/api.w.org\/{rel}","templated":true}]}}