{"id":10,"date":"2025-05-19T14:13:29","date_gmt":"2025-05-19T12:13:29","guid":{"rendered":"https:\/\/www.strebeltraktoren.ch\/?page_id=10"},"modified":"2026-04-02T11:48:14","modified_gmt":"2026-04-02T09:48:14","slug":"startseite","status":"publish","type":"page","link":"https:\/\/www.strebeltraktoren.ch\/","title":{"rendered":"Startseite"},"content":{"rendered":"<ul>\n<li>\n<p>        <img decoding=\"async\" src=\"\/wp-content\/uploads\/2025\/07\/1-scaled.jpg\" alt=\"\"><\/p>\n<h1>GR\u00dcEZI <\/h1>\n<div>Sch\u00f6n, dass Sie bei uns sind! <\/div>\n<p><a href=\"\/index.php\/ueber-uns\/\">MEHR \u00dcBER UNS \u276f <\/a><\/p>\n<\/li>\n<li>\n<p>        <img decoding=\"async\" src=\"\/wp-content\/uploads\/2025\/07\/2-scaled.jpg\" alt=\"\"><\/p>\n<h1>GR\u00dcEZI <\/h1>\n<div> Sch\u00f6n, dass Sie bei uns sind!\n<\/div>\n<p><a href=\"\/index.php\/ueber-uns\/\">MEHR \u00dcBER UNS \u276f <\/a><\/p>\n<\/li>\n<li>\n<p>        <img decoding=\"async\" src=\"\/wp-content\/uploads\/2025\/07\/3-scaled.jpg\" alt=\"\"><\/p>\n<h1>GR\u00dcEZI <\/h1>\n<div> Sch\u00f6n, dass Sie bei uns sind!\n<\/div>\n<p><a href=\"\/index.php\/ueber-uns\/\">MEHR \u00dcBER UNS \u276f <\/a><\/p>\n<\/li>\n<li>\n<p>        <img decoding=\"async\" src=\"\/wp-content\/uploads\/2025\/07\/4-scaled.jpg\" alt=\"\"><\/p>\n<h1>GR\u00dcEZI <\/h1>\n<div> Sch\u00f6n, dass Sie bei uns sind!\n<\/div>\n<p><a href=\"\/index.php\/ueber-uns\/\">MEHR \u00dcBER UNS \u276f <\/a><\/p>\n<\/li>\n<li>\n<p>        <img decoding=\"async\" src=\"\/wp-content\/uploads\/2025\/07\/5-scaled.jpg\" alt=\"\"><\/p>\n<h1>GR\u00dcEZI <\/h1>\n<div> Sch\u00f6n, dass Sie bei uns sind!\n<\/div>\n<p><a href=\"\/index.php\/ueber-uns\/\">MEHR \u00dcBER UNS \u276f <\/a><\/p>\n<\/li>\n<li>\n<p>        <img decoding=\"async\" src=\"\/wp-content\/uploads\/2025\/07\/6-scaled.jpg\" alt=\"\"><\/p>\n<h1>GR\u00dcEZI <\/h1>\n<div> Sch\u00f6n, dass Sie bei uns sind!\n<\/div>\n<p><a href=\"\/index.php\/ueber-uns\/\">MEHR \u00dcBER UNS \u276f <\/a><\/p>\n<\/li>\n<\/ul>\n<h2>Traktoren <\/h2>\n<div>Unsere neuen DEUTZ-Traktoren. Reinschauen und von uns beraten lassen!<\/div>\n<p><p>\n        <a href=\"\/index.php\/traktoren\/\">mehr lesen \u276f<\/a>\n    <\/p>\n<\/p>\n<h2>Occasionen <\/h2>\n<div>Unsere Vorf\u00fchr- und Occasions-Traktoren.  Reinschauen und von uns beraten lassen!<\/div>\n<p><p>\n        <a href=\"\/index.php\/occasionen\/\">mehr lesen \u276f<\/a>\n    <\/p>\n<\/p>\n<h2>Miettraktor <\/h2>\n<div>Traktorenvermietung ganze CH. Fragen Sie uns!<\/div>\n<p><p>\n        <a href=\"\/index.php\/miettraktoren\/\">mehr lesen \u276f<\/a>\n    <\/p>\n<\/p>\n<h3> 88 Jahre im Dienste der Landwirtschaft und<br \/>\n73 Jahre offizieller Deutz-Fahr Partner!<\/h3>\n<div>\n<p>    <iframe src=\"https:\/\/www.google.com\/maps\/embed?pb=!1m18!1m12!1m3!1d20442.30433812587!2d8.292108957997137!3d47.27069082398273!2m3!1f0!2f0!3f0!3m2!1i1024!2i768!4f13.1!3m3!1m2!1s0x47901ad4767db0cf%3A0xdaae743f6d0d9010!2sStrebel%20Traktoren!5e0!3m2!1sde!2sch!4v1747660079872!5m2!1sde!2sch\" width=\"100%\" height=\"600px\" style=\"border:0;\" allowfullscreen=\"\" loading=\"lazy\" referrerpolicy=\"no-referrer-when-downgrade\"><\/iframe>\n<\/div>\n<p><!--more--><br \/>\n<!-- {\"type\":\"layout\",\"children\":[{\"type\":\"section\",\"props\":{\"image_position\":\"center-center\",\"padding_remove_bottom\":true,\"padding_remove_top\":true,\"style\":\"default\",\"title_breakpoint\":\"xl\",\"title_position\":\"top-left\",\"title_rotation\":\"left\",\"vertical_align\":\"middle\",\"width\":\"\"},\"children\":[{\"type\":\"row\",\"props\":{\"alignment\":\"center\",\"margin\":\"remove-vertical\"},\"children\":[{\"type\":\"column\",\"props\":{\"image_position\":\"center-center\",\"position_sticky_breakpoint\":\"m\"},\"children\":[{\"type\":\"slideshow\",\"props\":{\"content_style\":\"h2\",\"css\":\".el-link{\\nborder-radius: 8px;\\n}\\n\\n\\n\\n.el-link {\\ndisplay: inline-block;\\n  float: right;\\n    border-radius: 10px;\\n}\\n\\n.el-content{\\n\\n    color: white;\\n}\",\"link_margin\":\"medium\",\"link_style\":\"primary\",\"link_text\":\"MEHR \\u00dcBER UNS \\u276f \",\"margin\":\"default\",\"margin_remove_bottom\":true,\"margin_remove_top\":true,\"meta_align\":\"below-title\",\"meta_element\":\"div\",\"meta_style\":\"\",\"nav\":\"\",\"nav_align\":\"center\",\"nav_breakpoint\":\"s\",\"nav_position\":\"bottom-center\",\"nav_position_margin\":\"medium\",\"overlay_animation\":\"parallax\",\"overlay_position\":\"center\",\"show_content\":true,\"show_link\":true,\"show_meta\":false,\"show_thumbnail\":false,\"show_title\":true,\"slidenav\":\"\",\"slidenav_breakpoint\":\"s\",\"slidenav_margin\":\"medium\",\"slidenav_outside_breakpoint\":\"xl\",\"slideshow_animation\":\"fade\",\"slideshow_autoplay\":true,\"slideshow_autoplay_interval\":\"11\",\"slideshow_autoplay_pause\":false,\"slideshow_height\":\"viewport\",\"slideshow_min_height\":300,\"slideshow_velocity\":\"1.9\",\"text_align\":\"center\",\"thumbnav_height\":\"75\",\"thumbnav_svg_color\":\"emphasis\",\"thumbnav_width\":\"100\",\"title_element\":\"h1\",\"title_hover_style\":\"reset\",\"title_style\":\"heading-small\"},\"children\":[{\"type\":\"slideshow_item\",\"props\":{\"content\":\"Sch\\u00f6n, dass Sie bei uns sind! \",\"image\":\"wp-content\\\/uploads\\\/2025\\\/07\\\/1-scaled.jpg\",\"link\":\"index.php\\\/ueber-uns\\\/\",\"title\":\"GR\\u00dcEZI \"}},{\"type\":\"slideshow_item\",\"props\":{\"content\":\" Sch\\u00f6n, dass Sie bei uns sind!\\n\",\"image\":\"wp-content\\\/uploads\\\/2025\\\/07\\\/2-scaled.jpg\",\"link\":\"index.php\\\/ueber-uns\\\/\",\"title\":\"GR\\u00dcEZI \"}},{\"type\":\"slideshow_item\",\"props\":{\"content\":\" Sch\\u00f6n, dass Sie bei uns sind!\\n\",\"image\":\"wp-content\\\/uploads\\\/2025\\\/07\\\/3-scaled.jpg\",\"link\":\"index.php\\\/ueber-uns\\\/\",\"title\":\"GR\\u00dcEZI \"}},{\"type\":\"slideshow_item\",\"props\":{\"content\":\" Sch\\u00f6n, dass Sie bei uns sind!\\n\",\"image\":\"wp-content\\\/uploads\\\/2025\\\/07\\\/4-scaled.jpg\",\"link\":\"index.php\\\/ueber-uns\\\/\",\"title\":\"GR\\u00dcEZI \"}},{\"type\":\"slideshow_item\",\"props\":{\"content\":\" Sch\\u00f6n, dass Sie bei uns sind!\\n\",\"image\":\"wp-content\\\/uploads\\\/2025\\\/07\\\/5-scaled.jpg\",\"link\":\"index.php\\\/ueber-uns\\\/\",\"title\":\"GR\\u00dcEZI \"}},{\"type\":\"slideshow_item\",\"props\":{\"content\":\" Sch\\u00f6n, dass Sie bei uns sind!\\n\",\"image\":\"wp-content\\\/uploads\\\/2025\\\/07\\\/6-scaled.jpg\",\"link\":\"index.php\\\/ueber-uns\\\/\",\"title\":\"GR\\u00dcEZI \"}}]}]}]}]},{\"type\":\"section\",\"props\":{\"image_position\":\"center-center\",\"style\":\"primary\",\"title_breakpoint\":\"xl\",\"title_position\":\"top-left\",\"title_rotation\":\"left\",\"vertical_align\":\"middle\",\"width\":\"large\"},\"children\":[{\"type\":\"row\",\"props\":{\"layout\":\"1-3,1-3,1-3\",\"margin_remove_top\":true},\"children\":[{\"type\":\"column\",\"props\":{\"image_position\":\"center-center\",\"position_sticky_breakpoint\":\"m\",\"width_medium\":\"1-3\"},\"children\":[{\"type\":\"headline\",\"props\":{\"content\":\"Traktoren \",\"title_color\":\"primary\",\"title_element\":\"h2\",\"title_style\":\"h2\"}},{\"type\":\"text\",\"props\":{\"column_breakpoint\":\"m\",\"content\":\"Unsere neuen DEUTZ-Traktoren. Reinschauen und von uns beraten lassen!\",\"margin\":\"default\"}},{\"type\":\"button\",\"props\":{\"css\":\".el-content{\\ncolor: black;\\n}\",\"grid_column_gap\":\"small\",\"grid_row_gap\":\"small\",\"margin\":\"default\",\"text_align\":\"right\"},\"children\":[{\"type\":\"button_item\",\"props\":{\"button_style\":\"link-text\",\"content\":\"mehr lesen \\u276f\",\"dialog_layout\":\"modal\",\"dialog_offcanvas_flip\":true,\"icon_align\":\"left\",\"link\":\"index.php\\\/traktoren\\\/\"}}]}]},{\"type\":\"column\",\"props\":{\"image_position\":\"center-center\",\"position_sticky_breakpoint\":\"m\",\"width_medium\":\"1-3\"},\"children\":[{\"type\":\"headline\",\"props\":{\"content\":\"Occasionen \",\"title_color\":\"primary\",\"title_element\":\"h2\",\"title_style\":\"h2\"}},{\"type\":\"text\",\"props\":{\"column_breakpoint\":\"m\",\"content\":\"Unsere Vorf\\u00fchr- und Occasions-Traktoren.  Reinschauen und von uns beraten lassen!\",\"margin\":\"default\"}},{\"type\":\"button\",\"props\":{\"css\":\".el-content{\\ncolor: black;\\n}\",\"grid_column_gap\":\"small\",\"grid_row_gap\":\"small\",\"margin\":\"default\",\"text_align\":\"right\"},\"children\":[{\"type\":\"button_item\",\"props\":{\"button_style\":\"link-text\",\"content\":\"mehr lesen \\u276f\",\"dialog_layout\":\"modal\",\"dialog_offcanvas_flip\":true,\"icon_align\":\"left\",\"link\":\"index.php\\\/occasionen\\\/\"}}]}]},{\"type\":\"column\",\"props\":{\"image_position\":\"center-center\",\"position_sticky_breakpoint\":\"m\",\"width_medium\":\"1-3\"},\"children\":[{\"type\":\"headline\",\"props\":{\"content\":\"Miettraktor \",\"title_color\":\"primary\",\"title_element\":\"h2\",\"title_style\":\"h2\"}},{\"type\":\"text\",\"props\":{\"column_breakpoint\":\"m\",\"content\":\"Traktorenvermietung ganze CH. Fragen Sie uns!\",\"margin\":\"default\"}},{\"type\":\"button\",\"props\":{\"css\":\".el-content{\\ncolor: black;\\n}\",\"grid_column_gap\":\"small\",\"grid_row_gap\":\"small\",\"margin\":\"default\",\"text_align\":\"right\"},\"children\":[{\"type\":\"button_item\",\"props\":{\"button_style\":\"link-text\",\"content\":\"mehr lesen \\u276f\",\"dialog_layout\":\"modal\",\"dialog_offcanvas_flip\":true,\"icon_align\":\"left\",\"link\":\"index.php\\\/miettraktoren\\\/\"}}]}]}]}]},{\"type\":\"section\",\"props\":{\"image_position\":\"center-center\",\"status\":\"disabled\",\"style\":\"default\",\"title_breakpoint\":\"xl\",\"title_position\":\"top-left\",\"title_rotation\":\"left\",\"vertical_align\":\"middle\",\"width\":\"large\"},\"children\":[{\"type\":\"row\",\"children\":[{\"type\":\"column\",\"props\":{\"image_position\":\"center-center\",\"position_sticky_breakpoint\":\"m\"},\"children\":[{\"type\":\"headline\",\"props\":{\"content\":\"Traktoren-Verkaufstage\",\"title_color\":\"primary\",\"title_element\":\"h2\",\"title_style\":\"h2\"}}]}]},{\"type\":\"row\",\"props\":{\"layout\":\"1-3,1-3,1-3\",\"status\":\"disabled\"},\"children\":[{\"type\":\"column\",\"props\":{\"image_position\":\"center-center\",\"position_sticky_breakpoint\":\"m\",\"width_medium\":\"1-3\"},\"children\":[{\"type\":\"image\",\"props\":{\"image\":\"wp-content\\\/uploads\\\/2025\\\/11\\\/Strebel_Traktoren_Verkaufstage_2025_Seite_1.jpg\",\"image_svg_color\":\"emphasis\",\"link\":\"index.php\\\/detail-endlich-wieder-strebel-verkaufstage-2024\\\/\",\"margin\":\"default\"}},{\"type\":\"text\",\"props\":{\"column_breakpoint\":\"m\",\"content\":\"\n\n<p>Deutz-Kalender-Abholtage<\\\/p>\",\"margin\":\"default\"}},{\"type\":\"button\",\"props\":{\"css\":\".el-content {\\n  color: #999 !important;\\n  transition: color 0.3s ease;\\n}\\n\\n.el-content:hover {\\n  color: #112269 !important;\\n}\",\"grid_column_gap\":\"small\",\"grid_row_gap\":\"small\",\"margin\":\"default\",\"text_align\":\"right\"},\"children\":[{\"type\":\"button_item\",\"props\":{\"button_style\":\"link-text\",\"content\":\"weiterlesen \\u276f\",\"dialog_layout\":\"modal\",\"dialog_offcanvas_flip\":true,\"icon_align\":\"left\",\"link\":\"wp-content\\\/uploads\\\/2025\\\/11\\\/Strebel_Traktoren_Verkaufstage_2025.pdf\"}}]},{\"type\":\"divider\",\"props\":{\"divider_element\":\"hr\"}},{\"type\":\"text\",\"props\":{\"column_breakpoint\":\"m\",\"content\":\"06.11.2025 \",\"margin\":\"default\",\"text_align\":\"right\",\"text_style\":\"meta\"}}]},{\"type\":\"column\",\"props\":{\"image_position\":\"center-center\",\"position_sticky_breakpoint\":\"m\",\"width_medium\":\"1-3\"},\"children\":[{\"type\":\"image\",\"props\":{\"image\":\"wp-content\\\/uploads\\\/2025\\\/11\\\/Filter-AKTION-VT-2025-scaled.jpg\",\"image_svg_color\":\"emphasis\",\"link\":\"index.php\\\/detail-endlich-wieder-strebel-verkaufstage-2024\\\/\",\"margin\":\"default\"}},{\"type\":\"html\",\"props\":{\"content\":\"<br \/>\"}},{\"type\":\"button\",\"props\":{\"css\":\".el-content {\\n  color: #999 !important;\\n  transition: color 0.3s ease;\\n}\\n\\n.el-content:hover {\\n  color: #112269 !important;\\n}\",\"grid_column_gap\":\"small\",\"grid_row_gap\":\"small\",\"margin\":\"default\",\"text_align\":\"right\"},\"children\":[{\"type\":\"button_item\",\"props\":{\"button_style\":\"link-text\",\"content\":\"zum herunterladen \\u276f\",\"dialog_layout\":\"modal\",\"dialog_offcanvas_flip\":true,\"icon_align\":\"left\",\"link\":\"wp-content\\\/uploads\\\/2025\\\/11\\\/Filter-AKTION-VT-2025.pdf\"}}]},{\"type\":\"divider\",\"props\":{\"divider_element\":\"hr\"}},{\"type\":\"text\",\"props\":{\"column_breakpoint\":\"m\",\"content\":\"18.11.2025 \",\"margin\":\"default\",\"text_align\":\"right\",\"text_style\":\"meta\"}}]},{\"type\":\"column\",\"props\":{\"image_position\":\"center-center\",\"position_sticky_breakpoint\":\"m\",\"width_medium\":\"1-3\"}}]},{\"type\":\"row\",\"children\":[{\"type\":\"column\",\"props\":{\"image_position\":\"center-center\",\"position_sticky_breakpoint\":\"m\"}}],\"props\":{\"status\":\"disabled\"}},{\"type\":\"row\",\"props\":{\"layout\":\"1-3,1-3,1-3\"},\"children\":[{\"type\":\"column\",\"props\":{\"image_position\":\"center-center\",\"position_sticky_breakpoint\":\"m\",\"width_medium\":\"1-3\"},\"children\":[{\"type\":\"image\",\"props\":{\"image\":\"wp-content\\\/uploads\\\/2026\\\/02\\\/Strebel_Traktoren_Karte_Reise_Seite_1-scaled.png\",\"image_svg_color\":\"emphasis\",\"link\":\"wp-content\\\/uploads\\\/2026\\\/02\\\/Strebel_Traktoren_Karte_Reise.pdf\",\"margin\":\"default\"}},{\"type\":\"html\",\"props\":{\"content\":\"<br \/>\"}},{\"type\":\"button\",\"props\":{\"css\":\".el-content {\\n  color: #999 !important;\\n  transition: color 0.3s ease;\\n}\\n\\n.el-content:hover {\\n  color: #112269 !important;\\n}\",\"grid_column_gap\":\"small\",\"grid_row_gap\":\"small\",\"margin\":\"default\",\"text_align\":\"right\"},\"children\":[{\"type\":\"button_item\",\"props\":{\"button_style\":\"link-text\",\"content\":\"zum herunterladen \\u276f\",\"dialog_layout\":\"modal\",\"dialog_offcanvas_flip\":true,\"icon_align\":\"left\",\"link\":\"wp-content\\\/uploads\\\/2026\\\/02\\\/Strebel_Traktoren_Karte_Reise.pdf\"}}]},{\"type\":\"divider\",\"props\":{\"divider_element\":\"hr\"}},{\"type\":\"text\",\"props\":{\"column_breakpoint\":\"m\",\"content\":\"27.02.2026 \",\"margin\":\"default\",\"text_align\":\"right\",\"text_style\":\"meta\"}}]},{\"type\":\"column\",\"props\":{\"image_position\":\"center-center\",\"position_sticky_breakpoint\":\"m\",\"width_medium\":\"1-3\"}},{\"type\":\"column\",\"props\":{\"image_position\":\"center-center\",\"position_sticky_breakpoint\":\"m\",\"width_medium\":\"1-3\"}}]}],\"name\":\"News\"},{\"type\":\"section\",\"props\":{\"image_position\":\"center-center\",\"style\":\"muted\",\"title_breakpoint\":\"xl\",\"title_position\":\"top-left\",\"title_rotation\":\"left\",\"vertical_align\":\"middle\",\"width\":\"default\"},\"children\":[{\"type\":\"row\",\"props\":{\"margin_remove_bottom\":true},\"children\":[{\"type\":\"column\",\"props\":{\"image_position\":\"center-center\",\"position_sticky_breakpoint\":\"m\"},\"children\":[{\"type\":\"headline\",\"props\":{\"block_align\":\"center\",\"content\":\" 88 Jahre im Dienste der Landwirtschaft und\\n73 Jahre offizieller Deutz-Fahr Partner!\",\"maxwidth\":\"2xlarge\",\"text_align\":\"center\",\"title_color\":\"secondary\",\"title_element\":\"h3\"}}]}]}]},{\"type\":\"section\",\"props\":{\"image_position\":\"center-center\",\"padding_remove_bottom\":true,\"padding_remove_top\":true,\"style\":\"default\",\"title_breakpoint\":\"xl\",\"title_position\":\"top-left\",\"title_rotation\":\"left\",\"vertical_align\":\"middle\",\"width\":\"\"},\"children\":[{\"type\":\"row\",\"props\":{\"margin\":\"remove-vertical\",\"margin_remove_bottom\":true,\"margin_remove_top\":true},\"children\":[{\"type\":\"column\",\"props\":{\"image_position\":\"center-center\",\"position_sticky_breakpoint\":\"m\"},\"children\":[{\"type\":\"html\",\"props\":{\"content\":\"<iframe src=\\\"https:\\\/\\\/www.google.com\\\/maps\\\/embed?pb=!1m18!1m12!1m3!1d20442.30433812587!2d8.292108957997137!3d47.27069082398273!2m3!1f0!2f0!3f0!3m2!1i1024!2i768!4f13.1!3m3!1m2!1s0x47901ad4767db0cf%3A0xdaae743f6d0d9010!2sStrebel%20Traktoren!5e0!3m2!1sde!2sch!4v1747660079872!5m2!1sde!2sch\\\" width=\\\"100%\\\" height=\\\"600px\\\" style=\\\"border:0;\\\" allowfullscreen=\\\"\\\" loading=\\\"lazy\\\" referrerpolicy=\\\"no-referrer-when-downgrade\\\"><\\\/iframe>\"}}]}]}]}],\"version\":\"4.5.16\"} --><\/p>\n","protected":false},"excerpt":{"rendered":"<p>GR\u00dcEZI Sch\u00f6n, dass Sie bei uns sind! MEHR \u00dcBER UNS \u276f GR\u00dcEZI Sch\u00f6n, dass Sie bei uns sind! MEHR \u00dcBER UNS \u276f GR\u00dcEZI Sch\u00f6n, dass Sie bei uns sind! MEHR \u00dcBER UNS \u276f GR\u00dcEZI Sch\u00f6n, dass Sie bei uns sind! MEHR \u00dcBER UNS \u276f GR\u00dcEZI Sch\u00f6n, dass Sie bei uns sind! MEHR \u00dcBER UNS \u276f [&hellip;]<\/p>\n","protected":false},"author":2,"featured_media":0,"parent":0,"menu_order":0,"comment_status":"closed","ping_status":"closed","template":"","meta":{"footnotes":""},"class_list":["post-10","page","type-page","status-publish","hentry"],"_links":{"self":[{"href":"https:\/\/www.strebeltraktoren.ch\/index.php\/wp-json\/wp\/v2\/pages\/10","targetHints":{"allow":["GET"]}}],"collection":[{"href":"https:\/\/www.strebeltraktoren.ch\/index.php\/wp-json\/wp\/v2\/pages"}],"about":[{"href":"https:\/\/www.strebeltraktoren.ch\/index.php\/wp-json\/wp\/v2\/types\/page"}],"author":[{"embeddable":true,"href":"https:\/\/www.strebeltraktoren.ch\/index.php\/wp-json\/wp\/v2\/users\/2"}],"replies":[{"embeddable":true,"href":"https:\/\/www.strebeltraktoren.ch\/index.php\/wp-json\/wp\/v2\/comments?post=10"}],"version-history":[{"count":101,"href":"https:\/\/www.strebeltraktoren.ch\/index.php\/wp-json\/wp\/v2\/pages\/10\/revisions"}],"predecessor-version":[{"id":482,"href":"https:\/\/www.strebeltraktoren.ch\/index.php\/wp-json\/wp\/v2\/pages\/10\/revisions\/482"}],"wp:attachment":[{"href":"https:\/\/www.strebeltraktoren.ch\/index.php\/wp-json\/wp\/v2\/media?parent=10"}],"curies":[{"name":"wp","href":"https:\/\/api.w.org\/{rel}","templated":true}]}}